{"id":2036,"date":"2025-09-12T11:57:09","date_gmt":"2025-09-12T09:57:09","guid":{"rendered":"https:\/\/tretter.ch\/mentions-legales\/"},"modified":"2025-09-12T11:57:09","modified_gmt":"2025-09-12T09:57:09","slug":"mentions-legales","status":"publish","type":"page","link":"https:\/\/tretter.ch\/fr\/mentions-legales\/","title":{"rendered":"Mentions l\u00e9gales"},"content":{"rendered":"<h1>MENTIONS L\u00c9GALES<\/h1>\n<p><strong>Adresse de contact<br \/>\n<\/strong>Dr. Tretter AG<br \/>\nSchaffhauserstrasse 96<br \/>\n8222 Beringen<br \/>\nSuisse<br \/>\nE-mail&nbsp;: <a href=\"mailto:Info@tretter.ch\">Info@tretter.ch<\/a><\/p>\n<p><strong>Personne(s) autoris\u00e9e(s) \u00e0 repr\u00e9senter la soci\u00e9t\u00e9<br \/>\n<\/strong>Alexander Caliebe, Managing Director<\/p>\n<p><strong>Num\u00e9ro de TVA<br \/>\n<\/strong>CHE-113.768.683<\/p>\n<p><strong>Exclusion de responsabilit\u00e9<br \/>\n<\/strong>L\u2019auteur n\u2019assume aucune garantie quant \u00e0 l\u2019exactitude, la pr\u00e9cision, l\u2019actualit\u00e9, la fiabilit\u00e9 et l\u2019exhaustivit\u00e9 des informations.<\/p>\n<p>Toute pr\u00e9tention en responsabilit\u00e9 \u00e0 l\u2019encontre de l\u2019auteur pour des dommages mat\u00e9riels ou immat\u00e9riels r\u00e9sultant de l\u2019acc\u00e8s aux informations publi\u00e9es, de leur utilisation ou non-utilisation, d\u2019une utilisation abusive de la connexion ou de d\u00e9faillances techniques est exclue.<\/p>\n<p>Toutes les offres sont sans engagement. L\u2019auteur se r\u00e9serve express\u00e9ment le droit de modifier, compl\u00e9ter ou supprimer des parties des pages ou l\u2019ensemble de l\u2019offre sans pr\u00e9avis, ou d\u2019en suspendre temporairement ou d\u00e9finitivement la publication. <\/p>\n<p><strong>Exclusion de responsabilit\u00e9 pour les liens<br \/>\n<\/strong>Les renvois et liens vers des sites web de tiers ne rel\u00e8vent pas de notre domaine de responsabilit\u00e9. Nous d\u00e9clinons toute responsabilit\u00e9 concernant ces sites web. L\u2019acc\u00e8s \u00e0 ces sites web et leur utilisation se font aux risques et p\u00e9rils de l\u2019utilisateur.  <\/p>\n<p><strong>Droits d\u2019auteur<br \/>\n<\/strong>Les droits d\u2019auteur et tous les autres droits relatifs aux contenus, images, photos ou autres fichiers pr\u00e9sents sur ce site web appartiennent exclusivement \u00e0 la soci\u00e9t\u00e9 Dr. Tretter AG ou aux d\u00e9tenteurs de droits sp\u00e9cialement mentionn\u00e9s. La reproduction de tout \u00e9l\u00e9ment est soumise \u00e0 l\u2019obtention pr\u00e9alable d\u2019une autorisation \u00e9crite du d\u00e9tenteur des droits d\u2019auteur. <\/p>\n<p>Source&nbsp;: <a href=\"https:\/\/www.swissanwalt.ch\/impressum-generator.aspx\" rel=\"nofollow noopener\">G\u00e9n\u00e9rateur de mentions l\u00e9gales de SwissAnwalt<\/a><\/p>\n","protected":false},"excerpt":{"rendered":"<p>MENTIONS L\u00c9GALES Adresse de contact Dr. Tretter AG Schaffhauserstrasse 96 8222 Beringen Suisse E-mail&nbsp;: Info@tretter.ch Personne(s) autoris\u00e9e(s) \u00e0 repr\u00e9senter la soci\u00e9t\u00e9 Alexander Caliebe, Managing Director &#8230;<\/p>\n","protected":false},"author":1,"featured_media":0,"parent":0,"menu_order":0,"comment_status":"closed","ping_status":"closed","template":"","meta":{"_acf_changed":false,"inline_featured_image":false,"footnotes":""},"class_list":["post-2036","page","type-page","status-publish","hentry"],"acf":[],"yoast_head":"<!-- This site is optimized with the Yoast SEO plugin v26.6 - https:\/\/yoast.com\/wordpress\/plugins\/seo\/ -->\n<title>Mentions l\u00e9gales - Dr. TRETTER AG<\/title>\n<meta name=\"robots\" content=\"index, follow, max-snippet:-1, max-image-preview:large, max-video-preview:-1\" \/>\n<link rel=\"canonical\" href=\"https:\/\/tretter.ch\/mentions-legales\/\" \/>\n<meta property=\"og:locale\" content=\"fr_FR\" \/>\n<meta property=\"og:type\" content=\"article\" \/>\n<meta property=\"og:title\" content=\"Mentions l\u00e9gales - Dr. TRETTER AG\" \/>\n<meta property=\"og:description\" content=\"MENTIONS L\u00c9GALES Adresse de contact Dr. Tretter AG Schaffhauserstrasse 96 8222 Beringen Suisse E-mail&nbsp;: Info@tretter.ch Personne(s) autoris\u00e9e(s) \u00e0 repr\u00e9senter la soci\u00e9t\u00e9 Alexander Caliebe, Managing Director ...\" \/>\n<meta property=\"og:url\" content=\"https:\/\/tretter.ch\/mentions-legales\/\" \/>\n<meta property=\"og:site_name\" content=\"Dr. TRETTER AG\" \/>\n<meta name=\"twitter:card\" content=\"summary_large_image\" \/>\n<meta name=\"twitter:label1\" content=\"Dur\u00e9e de lecture estim\u00e9e\" \/>\n\t<meta name=\"twitter:data1\" content=\"1 minute\" \/>\n<script type=\"application\/ld+json\" class=\"yoast-schema-graph\">{\"@context\":\"https:\/\/schema.org\",\"@graph\":[{\"@type\":\"WebPage\",\"@id\":\"https:\/\/tretter.ch\/mentions-legales\/\",\"url\":\"https:\/\/tretter.ch\/mentions-legales\/\",\"name\":\"Mentions l\u00e9gales - Dr. TRETTER AG\",\"isPartOf\":{\"@id\":\"https:\/\/tretter.ch\/#website\"},\"datePublished\":\"2025-09-12T09:57:09+00:00\",\"breadcrumb\":{\"@id\":\"https:\/\/tretter.ch\/mentions-legales\/#breadcrumb\"},\"inLanguage\":\"fr-FR\",\"potentialAction\":[{\"@type\":\"ReadAction\",\"target\":[\"https:\/\/tretter.ch\/mentions-legales\/\"]}]},{\"@type\":\"BreadcrumbList\",\"@id\":\"https:\/\/tretter.ch\/mentions-legales\/#breadcrumb\",\"itemListElement\":[{\"@type\":\"ListItem\",\"position\":1,\"name\":\"Home\",\"item\":\"https:\/\/tretter.ch\/fr\/\"},{\"@type\":\"ListItem\",\"position\":2,\"name\":\"Mentions l\u00e9gales\"}]},{\"@type\":\"WebSite\",\"@id\":\"https:\/\/tretter.ch\/#website\",\"url\":\"https:\/\/tretter.ch\/\",\"name\":\"Dr. TRETTER AG\",\"description\":\"Ihr Hersteller &amp; Lieferant f\u00fcr Toleranzh\u00fclsen\",\"potentialAction\":[{\"@type\":\"SearchAction\",\"target\":{\"@type\":\"EntryPoint\",\"urlTemplate\":\"https:\/\/tretter.ch\/?s={search_term_string}\"},\"query-input\":{\"@type\":\"PropertyValueSpecification\",\"valueRequired\":true,\"valueName\":\"search_term_string\"}}],\"inLanguage\":\"fr-FR\"}]}<\/script>\n<!-- \/ Yoast SEO plugin. -->","yoast_head_json":{"title":"Mentions l\u00e9gales - Dr. TRETTER AG","robots":{"index":"index","follow":"follow","max-snippet":"max-snippet:-1","max-image-preview":"max-image-preview:large","max-video-preview":"max-video-preview:-1"},"canonical":"https:\/\/tretter.ch\/mentions-legales\/","og_locale":"fr_FR","og_type":"article","og_title":"Mentions l\u00e9gales - Dr. TRETTER AG","og_description":"MENTIONS L\u00c9GALES Adresse de contact Dr. Tretter AG Schaffhauserstrasse 96 8222 Beringen Suisse E-mail&nbsp;: Info@tretter.ch Personne(s) autoris\u00e9e(s) \u00e0 repr\u00e9senter la soci\u00e9t\u00e9 Alexander Caliebe, Managing Director ...","og_url":"https:\/\/tretter.ch\/mentions-legales\/","og_site_name":"Dr. TRETTER AG","twitter_card":"summary_large_image","twitter_misc":{"Dur\u00e9e de lecture estim\u00e9e":"1 minute"},"schema":{"@context":"https:\/\/schema.org","@graph":[{"@type":"WebPage","@id":"https:\/\/tretter.ch\/mentions-legales\/","url":"https:\/\/tretter.ch\/mentions-legales\/","name":"Mentions l\u00e9gales - Dr. TRETTER AG","isPartOf":{"@id":"https:\/\/tretter.ch\/#website"},"datePublished":"2025-09-12T09:57:09+00:00","breadcrumb":{"@id":"https:\/\/tretter.ch\/mentions-legales\/#breadcrumb"},"inLanguage":"fr-FR","potentialAction":[{"@type":"ReadAction","target":["https:\/\/tretter.ch\/mentions-legales\/"]}]},{"@type":"BreadcrumbList","@id":"https:\/\/tretter.ch\/mentions-legales\/#breadcrumb","itemListElement":[{"@type":"ListItem","position":1,"name":"Home","item":"https:\/\/tretter.ch\/fr\/"},{"@type":"ListItem","position":2,"name":"Mentions l\u00e9gales"}]},{"@type":"WebSite","@id":"https:\/\/tretter.ch\/#website","url":"https:\/\/tretter.ch\/","name":"Dr. TRETTER AG","description":"Ihr Hersteller &amp; Lieferant f\u00fcr Toleranzh\u00fclsen","potentialAction":[{"@type":"SearchAction","target":{"@type":"EntryPoint","urlTemplate":"https:\/\/tretter.ch\/?s={search_term_string}"},"query-input":{"@type":"PropertyValueSpecification","valueRequired":true,"valueName":"search_term_string"}}],"inLanguage":"fr-FR"}]}},"_links":{"self":[{"href":"https:\/\/tretter.ch\/fr\/wp-json\/wp\/v2\/pages\/2036","targetHints":{"allow":["GET"]}}],"collection":[{"href":"https:\/\/tretter.ch\/fr\/wp-json\/wp\/v2\/pages"}],"about":[{"href":"https:\/\/tretter.ch\/fr\/wp-json\/wp\/v2\/types\/page"}],"author":[{"embeddable":true,"href":"https:\/\/tretter.ch\/fr\/wp-json\/wp\/v2\/users\/1"}],"replies":[{"embeddable":true,"href":"https:\/\/tretter.ch\/fr\/wp-json\/wp\/v2\/comments?post=2036"}],"version-history":[{"count":0,"href":"https:\/\/tretter.ch\/fr\/wp-json\/wp\/v2\/pages\/2036\/revisions"}],"wp:attachment":[{"href":"https:\/\/tretter.ch\/fr\/wp-json\/wp\/v2\/media?parent=2036"}],"curies":[{"name":"wp","href":"https:\/\/api.w.org\/{rel}","templated":true}]}}